{"id":366,"date":"2015-10-21T12:44:44","date_gmt":"2015-10-21T11:44:44","guid":{"rendered":"http:\/\/startit.select-themes.com\/?page_id=366"},"modified":"2020-01-06T13:55:02","modified_gmt":"2020-01-06T13:55:02","slug":"about-us","status":"publish","type":"page","link":"https:\/\/albpress.ch\/wp\/about-us\/","title":{"rendered":"Rreth nesh"},"content":{"rendered":"<p>[vc_row content_width=&#8221;grid&#8221; content_aligment=&#8221;center&#8221; css=&#8221;.vc_custom_1445428533264{padding-top: 52px !important;padding-bottom: 40px !important;}&#8221;][vc_column][vc_column_text]<\/p>\n<h2 style=\"text-align: left;\">Albpress AG<\/h2>\n<p>[\/vc_column_text][vc_empty_space height=&#8221;15px&#8221;][vc_column_text]<\/p>\n<p style=\"text-align: left;\"><strong>Kush jemi ne?<\/strong><\/p>\n<p>&nbsp;<\/p>\n<p style=\"text-align: left;\">Kompania \u201c<strong>Albpress AG<\/strong>\u201d \u00ebsht\u00eb projekt privat medial, n\u00eb tregun shqipfol\u00ebs t\u00eb diaspor\u00ebs, duke ofruar lajme dhe aktualitete tjera rreth jet\u00ebs dhe veprimtarive t\u00eb shqiptar\u00ebve n\u00eb Ballkan (Maqedoni, Kosov\u00eb, Shqip\u00ebri), Zvic\u00ebr, Gjermani, Austri, Franc\u00eb, Belgjik\u00eb, etj.<\/p>\n<p style=\"text-align: left;\">Kompania \u201c<strong>Albpress AG<\/strong>\u201d \u00ebsht\u00eb pjes\u00eb e p\u00ebrpjekjeve t\u00eb para t\u00eb shtypit t\u00eb pavarur shqiptar n\u00eb Republik\u00ebn e Maqedonis\u00eb, kur n\u00eb prillin e vitit 1997, doli n\u00eb Shkup gazeta e par\u00eb e pavarur n\u00eb gjuh\u00ebn shqipe, me q\u00ebllim t\u00eb informimit t\u00eb shpejt\u00eb, t\u00eb sakt\u00eb dhe t\u00eb paansh\u00ebm.<\/p>\n<p>&nbsp;<\/p>\n<p style=\"text-align: left;\"><strong>Ku gjendemi?<\/strong><\/p>\n<p>&nbsp;<\/p>\n<p style=\"text-align: left;\">Redaksia qendrore e kompanise \u201c<strong>Albpress AG<\/strong>\u201d gjendet n\u00eb Winterthur t\u00eb Zvicr\u00ebs, nd\u00ebrsa ka bashk\u00ebpun\u00ebtor\u00ebt e vet\u00eb n\u00eb Shkup t\u00eb Maqedonis\u00eb, n\u00eb Prishtin\u00eb t\u00eb Kosov\u00ebs, n\u00eb Tiran\u00eb t\u00eb Shqip\u00ebris\u00eb, si dhe n\u00eb disa shtete tjera t\u00eb diaspor\u00ebs shqiptare, si n\u00eb Gjermani, Austri, Belgjik\u00eb, etj.<\/p>\n<p>&nbsp;<\/p>\n<p style=\"text-align: left;\"><strong>Fakti Ditor.ch<\/strong><\/p>\n<p>&nbsp;<\/p>\n<p style=\"text-align: left;\">Portali \u201c<strong>Fakti Ditor<\/strong>\u201d i cili funksionon ne kuader te kompanise &#8220;<strong>Albpress AG<\/strong>&#8221; \u00ebsht\u00eb nj\u00eb platform\u00eb e informacioneve, kontakteve, shk\u00ebmbimeve si dhe e sh\u00ebrbimeve t\u00eb drejtuara kryesisht ndaj popullat\u00ebs shqiptare n\u00eb Zvic\u00ebr, ndaj zviceran\u00ebve q\u00eb interesohen p\u00ebr kultur\u00ebn e vendeve t\u00eb Ballkanit si dhe ndaj diasporave shqiptare q\u00eb interesohen p\u00ebr situat\u00ebn n\u00eb vendet e prejardhjes, me nj\u00eb objektiv promovimin dhe ky\u00e7jen shoq\u00ebrore t\u00eb popullatave shqiptare n\u00eb mjedisin\u00a0 ku jetojn\u00eb si dhe mir\u00ebkuptimin e nd\u00ebrsjell\u00eb.<\/p>\n<p style=\"text-align: left;\">Duke qen\u00eb furnizuese e sh\u00ebrbimeve, kjo platform\u00eb ka p\u00ebr q\u00ebllim t\u00eb sjell\u00eb kontributin e saj n\u00eb ky\u00e7jen, promovimin e individit si dhe t\u00eb harmonis\u00eb t\u00eb bashk\u00ebsis\u00eb, n\u00eb shum\u00eb plane, dhe n\u00eb ve\u00e7anti ndaj zhvillimit ekonomik t\u00eb Ballkanit.<\/p>\n<p>&nbsp;<\/p>\n<p style=\"text-align: left;\"><strong>Libri i Arte<\/strong><\/p>\n<p>&nbsp;<\/p>\n<p style=\"text-align: left;\">\u201cLibri i Art\u00eb\u201d n\u00eb Zvic\u00ebr \u00ebsht\u00eb nj\u00eb \u201cYellow Pages\u201d, medium i par\u00eb informativ dhe inovativ vjetor n\u00eb gjuh\u00ebn shqipe, i cili \u00ebsht\u00eb i dedikuar p\u00ebr popullat\u00ebn shqiptare n\u00eb Zvic\u00ebr. Libri i Art\u00eb\u00a0promovon k\u00ebt\u00eb produkt edhe n\u00eb Maqedoni, Kosov\u00eb dhe Shqip\u00ebri q\u00eb ta afroj\u00eb Libri-n e Art\u00eb deri te tregjet e atjeshme, gj\u00eb q\u00eb jep mund\u00ebsi t\u00eb shk\u00eblqyeshme p\u00ebr krijimin e biznes relacioneve me k\u00ebto tregje. Me k\u00ebt\u00eb Libri i Art\u00eb do t\u00eb b\u00ebhet informator rajonal n\u00eb gjuh\u00ebn shqipe dhe me target-grup\u00eb t\u00eb madhe t\u00eb shfryt\u00ebzuesve dhe bizneseve.<\/p>\n<p>&nbsp;<\/p>\n<p style=\"text-align: left;\"><strong>Panairi 2019<\/strong><\/p>\n<p>&nbsp;<\/p>\n<p style=\"text-align: left;\">Kompania \u201cAlbpress\u201d\u00a0 me seli n\u00eb Winterthur t\u00eb Zvicr\u00ebs\u00a0 organizon n\u00eb Zvic\u00ebr Panairin Shqiptar 2019 .<\/p>\n<p style=\"text-align: left;\">Panairi mbahet m\u00eb 1,2 dhe 3 Nentor 2019 n\u00eb Mehrzweckhalle , Strengelbacherstrasse 27C, 4800 Zofingen\u2013 Zvic\u00ebr n\u00eb nj\u00eb hap\u00ebsir\u00eb prej 2.800 m\/2.<\/p>\n<p style=\"text-align: left;\"><strong>\u00a0<\/strong><\/p>\n<p style=\"text-align: left;\"><strong>Q\u00ebllimi:<\/strong><\/p>\n<ol style=\"text-align: left;\">\n<li>Q\u00ebllimi i organizimit t\u00eb Panairit Shqiptar 2019\u00a0 \u00ebsht\u00eb sensibilizimi i kompanive q\u00eb produktet e tyre t\u2019i nxjerrin n\u00eb tregun nd\u00ebrkomb\u00ebtar.<\/li>\n<li>Kompanit\u00eb pjes\u00ebmarr\u00ebse t\u00eb ken\u00eb mund\u00ebsi q\u00eb n\u00ebp\u00ebrmjet k\u00ebtij panairi t\u00eb lidhin kontrata biznesore me kompani tjera.<\/li>\n<\/ol>\n<p style=\"text-align: left;\"><strong>\u00a0<\/strong><\/p>\n<p style=\"text-align: left;\"><strong>Misioni:<\/strong><\/p>\n<ol style=\"text-align: left;\">\n<li>Misioni i yni si kompani, bashk\u00eb me partner\u00ebt tan\u00eb, \u00ebsht\u00eb q\u00eb ta rrisim interesimin p\u00ebr produktet tjera q\u00eb nuk jan\u00eb n\u00eb tregun zviceran. Kjo n\u00ebnkupton q\u00eb produktet dhe sh\u00ebrbimet cil\u00ebsore q\u00eb ekspozohen n\u00eb panair\u00eb t\u00eb b\u00ebhen pjes\u00eb e kompanive dhe familjeve n\u00eb Zvic\u00ebr.<\/li>\n<li>Nj\u00eb mision tjet\u00ebr i k\u00ebtij panairi \u00ebsht\u00eb edhe mund\u00ebsia q\u00eb kompanit\u00eb pjes\u00ebmarr\u00ebse t\u00eb kontaktojn\u00eb direkt me p\u00ebrfaq\u00ebsues t\u00eb kompanive t\u00eb m\u00ebdha zvicerane, t\u00eb cil\u00ebt p\u00ebr tre dit\u00eb rresht do t\u00eb jen\u00eb t\u00eb pranish\u00ebm n\u00eb panair.<\/li>\n<li>Po ashtu n\u00eb k\u00ebt\u00eb panair t\u00eb pranish\u00ebm do t\u00eb jen\u00eb edhe arkitekt e inxhinier\u00eb t\u00eb njohur n\u00eb Zvic\u00ebr.<\/li>\n<li>Vlen t\u00eb theksohet se n\u00eb k\u00ebt\u00eb panair kan\u00eb konfirmuar pjes\u00ebmarrjen edhe p\u00ebrfaq\u00ebsues t\u00eb kompanive q\u00eb shum\u00eb produkte t\u00eb ndryshme nga Ballkani i kan\u00eb futur n\u00eb tregun zviceran.<\/li>\n<\/ol>\n<p style=\"text-align: left;\"><strong>Vizioni:<\/strong><\/p>\n<ol style=\"text-align: left;\">\n<li>Vizioni i yn\u00eb \u00ebsht\u00eb q\u00eb panairi i p\u00ebrgjithsh\u00ebm nd\u00ebrkomb\u00ebtar \u201cPanairi Shqiptar 2019\u201d t\u00eb b\u00ebhet tradicional dhe t\u00eb vazhdoj\u00eb t\u00eb organizohet t\u00eb pakt\u00ebn nj\u00eb her\u00eb n\u00eb vit n\u00eb Zvic\u00ebr.<\/li>\n<li>Ne synojm\u00eb q\u00eb t\u00eb jemi adresa kryesore dhe ura e komunikimit t\u00eb nd\u00ebrsjell\u00ebt t\u00eb kompanive nga Kosova, Maqedoni e Shqip\u00ebria me kompanit\u00eb q\u00eb operojn\u00eb n\u00eb Zvic\u00ebr.<\/li>\n<\/ol>\n<p>&nbsp;<\/p>\n<p style=\"text-align: left;\"><strong>Rall Travel<\/strong><\/p>\n<p>&nbsp;<\/p>\n<p style=\"text-align: left;\">Agjensioni Turistik <strong>&#8220;RALL TRAVEL&#8221;\u00a0<\/strong>qe funskionon ne kuader te kompanise ALBPRESS merret me shitjen e biletave te udhetimit per aeroplan dhe autobus per te gjitha drejtimet ne Europe dhe me gjere.<\/p>\n<p style=\"text-align: left;\">Poashtu ky agjension ben edhe organizimin e aranzhmaneve te ndryshme turistike.<\/p>\n<p>&nbsp;<\/p>\n<p style=\"text-align: left;\"><strong>Misioni i \u201cAlbpress AG\u201d:\u00a0<\/strong><\/p>\n<ul>\n<li style=\"text-align: left;\">Qytetaria dhe integrimi harmonik i personave dhe popullatave shqiptare n\u00eb Zvic\u00ebr dhe p\u00ebrgjith\u00ebsisht n\u00eb diaspor\u00ebn shqiptare;<\/li>\n<li style=\"text-align: left;\">Zhvillimin e vendeve t\u00eb prejardhjes t\u00eb emigrant\u00ebve nga viset shqiptare, nga Ballkani dhe m\u00eb gjer\u00eb;<\/li>\n<li style=\"text-align: left;\">Integrimi dhe zhvillimi i nd\u00ebrsjell\u00eb i kulturave t\u00eb ndryshme q\u00eb jetojn\u00eb n\u00eb Ballkan dhe Evrop\u00eb, etj.<\/li>\n<li style=\"text-align: left;\">Informimi n\u00eb sferat e ekonomis\u00eb, kronika e zez\u00eb, kultura, sporti dhe zhvillime t\u00eb tjera;<\/li>\n<li style=\"text-align: left;\">Analiza, komente, debate dhe life story,<\/li>\n<li style=\"text-align: left;\">Pasqyrimi i t\u00eb gjitha aspekteve shoq\u00ebrore pa diskriminim, duke mbajtur llogari edhe p\u00ebr grupet specifike shoq\u00ebrore;<\/li>\n<\/ul>\n<p>[\/vc_column_text][\/vc_column][\/vc_row]<\/p>\n","protected":false},"excerpt":{"rendered":"<p>[vc_row content_width=&#8221;grid&#8221; content_aligment=&#8221;center&#8221; css=&#8221;.vc_custom_1445428533264{padding-top: 52px !important;padding-bottom: 40px !important;}&#8221;][vc_column][vc_column_text] Albpress AG [\/vc_column_text][vc_empty_space height=&#8221;15px&#8221;][vc_column_text] Kush jemi ne? &nbsp; Kompania \u201cAlbpress AG\u201d \u00ebsht\u00eb projekt&#8230;<\/p>\n","protected":false},"author":1,"featured_media":0,"parent":0,"menu_order":0,"comment_status":"closed","ping_status":"closed","template":"full-width.php","meta":{"footnotes":""},"_links":{"self":[{"href":"https:\/\/albpress.ch\/wp\/wp-json\/wp\/v2\/pages\/366"}],"collection":[{"href":"https:\/\/albpress.ch\/wp\/wp-json\/wp\/v2\/pages"}],"about":[{"href":"https:\/\/albpress.ch\/wp\/wp-json\/wp\/v2\/types\/page"}],"author":[{"embeddable":true,"href":"https:\/\/albpress.ch\/wp\/wp-json\/wp\/v2\/users\/1"}],"replies":[{"embeddable":true,"href":"https:\/\/albpress.ch\/wp\/wp-json\/wp\/v2\/comments?post=366"}],"version-history":[{"count":18,"href":"https:\/\/albpress.ch\/wp\/wp-json\/wp\/v2\/pages\/366\/revisions"}],"predecessor-version":[{"id":6285,"href":"https:\/\/albpress.ch\/wp\/wp-json\/wp\/v2\/pages\/366\/revisions\/6285"}],"wp:attachment":[{"href":"https:\/\/albpress.ch\/wp\/wp-json\/wp\/v2\/media?parent=366"}],"curies":[{"name":"wp","href":"https:\/\/api.w.org\/{rel}","templated":true}]}}